{"id":216,"date":"2017-12-10T21:36:50","date_gmt":"2017-12-10T20:36:50","guid":{"rendered":"http:\/\/192.168.1.16\/?page_id=216"},"modified":"2018-02-20T16:42:30","modified_gmt":"2018-02-20T15:42:30","slug":"liturgijski-citaci","status":"publish","type":"page","link":"https:\/\/zupa-svik-recica.hr\/index.php\/liturgijski-citaci\/","title":{"rendered":"Liturgijski \u010dita\u010di"},"content":{"rendered":"<p>LITURGIJSKI \u010cITA\u0106I:<\/p>\n<ol>\n<li>Barica \u0160afar, voditeljica<\/li>\n<li>Vi\u0161nja Mari\u0107<\/li>\n<li>Matija Zlatari\u0107<\/li>\n<li>\u017deljko \u0160afar<\/li>\n<li>Ana Klari\u0107<\/li>\n<li>Marica Sla\u0107anin<\/li>\n<li>Nikolina Vla\u0161i\u0107<\/li>\n<li>Darko Dro\u017e\u0111ibob<\/li>\n<li>Marina Dro\u017e\u0111ibob<\/li>\n<li>Ivanka Bani\u0107<\/li>\n<li>Sanja Fumi\u0107 Kranj\u010dec<\/li>\n<\/ol>\n<p>&#8220;Bo\u017eja rije\u010d u liturgijskom slavlju navje\u0161\u0107uje se jednostavno i autenti\u010dno. \u010cita\u010d mora biti ono \u0161to jest i \u010ditanja se navje\u0161\u0107uju bez nepotrebnih dodataka. U biti postoji jedno va\u017eno pravilo za o\u010duvanje dostojanstva same liturgije, ono o istinitosti znaka koje se odnosi na sve: slu\u017eitelje, simbole, geste, stvari i ambijent.<\/p>\n<p>Tako\u0111er je potrebno poticati formaciju \u010dita\u010da koja obuhva\u0107a tri temeljna aspekta:<\/p>\n<h2>1. Biblijsko-liturgijska formacija<\/h2>\n<p>\u010cita\u010d mora posjedovati barem minimalno znanje o Svetom pismu: strukturu, kompoziciju, broj i imena svetih knjiga Starog i Novog zavjeta kao i glavne literarne oblike (povijesne, pjesni\u010dke, proro\u010dke, mudrosne, itd.). Onaj tko uzlazi na ambon mora znati \u0161to \u010dini i koju vrstu teksta \u0107e navije\u0161tati. Osim toga trebao bi imati temeljno znanje o liturgijskom slavlju, poznavati dijelove liturgije te biti svjestan vlastite uloge koju izvodi tijekom slu\u017ebe rije\u010di. \u010cita\u010d ne navje\u0161\u0107uje samo biblijska \u010ditanja nego i molitvu vjernika ili pak neke druge dijelove koji su im dodijeljeni u razli\u010ditim liturgijskim obredima.<\/p>\n<h2>2. Duhovna formacija<\/h2>\n<p>U Crkvi se za navije\u0161tanje Bo\u017eje rije\u010di ne tra\u017ee neke osobe izvana, nego se takav \u010din daje vjernicima vode\u0107i ra\u010duna da svako slu\u017eenje u Crkvi treba proiza\u0107i iz vjere te ju hraniti. Stoga, \u010dita\u010d treba voditi ra\u010duna o unutarnjem \u017eivotu i prepustiti se duhu molitve i vjere. Takva dimenzija izgra\u0111uje kr\u0161\u0107anski puk koji vidi u \u010dita\u010du svjedoka Rije\u010di koju on navje\u0161\u0107uje. Bo\u017eja rije\u010d, iako je sama u sebi plodonosna, poprima ipak poseban sjaj i tajanstvenu privla\u010dnost od svetosti onoga koji ju navje\u0161\u0107uje. O brizi oko vlastitog unutarnjeg \u017eivota ovise tako\u0111er i pokreti \u010dita\u010da, njegovi pogledi, odje\u0107a i frizura. O\u010digledno je da slu\u017eba \u010dita\u010da uklju\u010duje \u017eivljenje i u javnosti koje je u skladu s deset Bo\u017ejih zapovijedi i s crkvenim zakonima.<\/p>\n<h2>3. Tehni\u010dka priprema<\/h2>\n<p>\u010cita\u010d mora znati kako pristupiti i stajati na ambonu, kako postupati s mikrofonom, slu\u017eiti se lekcionarom, izgovarati razli\u010dita biblijska imena i termine, znati na koji na\u010din \u010ditati da bi se izbjeglo pretiho ili preizra\u017eajno \u010ditanje. On mora biti duboko svjestan da izvodi jednu javnu slu\u017ebu ispred liturgijske zajednice: njegov navje\u0161taj Bo\u017eje rije\u010di stoga treba biti svima \u010dujan. Izraz \u201cVerbum Domini\u201d kojim zavr\u0161ava svako \u010ditanje nije jedna tvrdnja (\u201cOvo je rije\u010d Gospodnja\u201d), nego je to usklik pun divljenja koji treba izmamiti zajedni\u010dki i zahvalni odgovor sviju: \u201cBogu hvala\u201d.<\/p>\n<h2>Prava i vlastita inicijacija<\/h2>\n<p>Prije nego \u0161to ih se pripusti \u010ditanju na svetoj misi, \u010dita\u010di trebaju pro\u0107i ovu po\u010detnu trostruku pripremu koja \u0107e potom postati stalna kako ne bi ova aktivnost pala u puku naviku. To vrijedi za poslu\u017eitelje svih oblika i stupnjeva. Bit \u0107e u kona\u010dnici vrlo korisno i za \u010dita\u010da, ali i za zajednicu ukoliko svaki \u010dita\u010d ima hrabrosti preispitati samog sebe i svoju sposobnost \u010ditanja. Ukoliko shvati da su te sposobnosti sve slabije, potrebno je i vrlo \u010dasno znati se povu\u0107i.<\/p>\n<h2>\u010cast, a ne pravo<\/h2>\n<p>Vr\u0161iti ovo slu\u017eenje je \u201c\u010dast\u201d i uvijek se u Crkvi takvim smatralo. Ipak, ne mo\u017ee se pristupati ovom \u010dinu pod svaku cijenu niti se smatra ne\u010dijim pravom. To je jednostavno slu\u017eenje liturgijskoj zajednici koje se bez za to potrebnih kvalifikacija ne mo\u017ee izvr\u0161avati. Potrebno je biti podoban za tu slu\u017ebu zbog iskazivanja \u010dasti Bogu, po\u0161tovanja prema njegovu narodu te zbog same u\u010dinkovitosti liturgije.\u201d<\/p>\n<p style=\"text-align: right;\"><em>don Enrico Finotti, izvor: bitno.net<\/em><\/p>\n","protected":false},"excerpt":{"rendered":"<p>LITURGIJSKI \u010cITA\u0106I: Barica \u0160afar, voditeljica Vi\u0161nja Mari\u0107 Matija Zlatari\u0107 \u017deljko \u0160afar Ana Klari\u0107 Marica Sla\u0107anin Nikolina Vla\u0161i\u0107 Darko Dro\u017e\u0111ibob Marina Dro\u017e\u0111ibob Ivanka Bani\u0107 Sanja Fumi\u0107 Kranj\u010dec &#8220;Bo\u017eja rije\u010d u liturgijskom slavlju navje\u0161\u0107uje se jednostavno i autenti\u010dno. \u010cita\u010d mora biti ono \u0161to jest i \u010ditanja se navje\u0161\u0107uju bez nepotrebnih dodataka. U biti postoji jedno va\u017eno pravilo &hellip; <\/p>\n<p class=\"link-more\"><a href=\"https:\/\/zupa-svik-recica.hr\/index.php\/liturgijski-citaci\/\" class=\"more-link\">Nastavi \u010ditati<span class=\"screen-reader-text\"> &#8220;Liturgijski \u010dita\u010di&#8221;<\/span><\/a><\/p>\n","protected":false},"author":2,"featured_media":0,"parent":0,"menu_order":0,"comment_status":"closed","ping_status":"closed","template":"","meta":{"_mi_skip_tracking":false},"_links":{"self":[{"href":"https:\/\/zupa-svik-recica.hr\/index.php\/wp-json\/wp\/v2\/pages\/216"}],"collection":[{"href":"https:\/\/zupa-svik-recica.hr\/index.php\/wp-json\/wp\/v2\/pages"}],"about":[{"href":"https:\/\/zupa-svik-recica.hr\/index.php\/wp-json\/wp\/v2\/types\/page"}],"author":[{"embeddable":true,"href":"https:\/\/zupa-svik-recica.hr\/index.php\/wp-json\/wp\/v2\/users\/2"}],"replies":[{"embeddable":true,"href":"https:\/\/zupa-svik-recica.hr\/index.php\/wp-json\/wp\/v2\/comments?post=216"}],"version-history":[{"count":2,"href":"https:\/\/zupa-svik-recica.hr\/index.php\/wp-json\/wp\/v2\/pages\/216\/revisions"}],"predecessor-version":[{"id":916,"href":"https:\/\/zupa-svik-recica.hr\/index.php\/wp-json\/wp\/v2\/pages\/216\/revisions\/916"}],"wp:attachment":[{"href":"https:\/\/zupa-svik-recica.hr\/index.php\/wp-json\/wp\/v2\/media?parent=216"}],"curies":[{"name":"wp","href":"https:\/\/api.w.org\/{rel}","templated":true}]}}